{"id":124,"date":"2015-04-13T11:25:50","date_gmt":"2015-04-13T10:25:50","guid":{"rendered":"https:\/\/qualison.com\/?page_id=124"},"modified":"2016-02-16T10:18:12","modified_gmt":"2016-02-16T09:18:12","slug":"testez-votre-audition","status":"publish","type":"page","link":"https:\/\/qualison.com\/?page_id=124","title":{"rendered":"Votre audition"},"content":{"rendered":"<p><div class=\"et_pb_section et_pb_section_parallax et_pb_fullwidth_section et_section_regular\" style='background-color:#ffffff;'>\n\t\t\t<div class=\"et_parallax_bg et_pb_parallax_css\" style=\"background-image: url(https:\/\/qualison.com\/wp-content\/uploads\/2015\/05\/decor-site-qualison-web1.jpg);\"><\/div>\n\t\t\t\n\t\t\t\t\n\t\t\t\t<section id=\"test_auditif\" class=\"et_pb_fullwidth_header et_pb_bg_layout_dark et_pb_text_align_center\">\n\t\t\t<div class=\"et_pb_row\">\n\t\t\t\t<h1>Votre audition<\/h1>\n\t\t\t\t\n\t\t\t<\/div>\n\t\t<\/section>\n\t\t\t\n\t\t<\/div> <!-- .et_pb_section --><div class=\"et_pb_section et_section_regular\" style='background-color:#f0f0f0;'>\n\t\t\t\n\t\t\t\n\t\t\t\t\n\t\t\t\t<div class=\"et_pb_row\">\n\t\t\t<div class=\"et_pb_column et_pb_column_4_4\">\n\t\t\t<div class=\"et_pb_text et_pb_bg_layout_light et_pb_text_align_left justifie\">\n\t\t\t\n<h2 style=\"text-align: center; font-size: 50px; line-height: 10%; padding-bottom: 0px; margin-top: 0px;\">Test auditif<\/h2>\n<p>&nbsp;<\/p>\n<p>Afin de r\u00e9aliser ce test dans les meilleures conditions possibles, nous vous invitons \u00e0 vous munir d\u2019un casque ou d\u2019augmenter l\u00e9g\u00e8rement le volume de votre ordinateur. Nous vous conseillons \u00e9galement de r\u00e9aliser ce test dans un environnement calme\n\t\t<\/div> <!-- .et_pb_text --><div class=\"et_pb_text et_pb_bg_layout_light et_pb_text_align_center\">\n\t\t\t<a class=\"bouton_test\" href=\"https:\/\/qualison.com\/?page_id=2013\">Testez votre audition en ligne !<\/a>\n\t\t<\/div> <!-- .et_pb_text --><div class=\"et_pb_text et_pb_bg_layout_light et_pb_text_align_left justifie\">\n\t\t\tCe test a \u00e9t\u00e9 r\u00e9alis\u00e9 par les ing\u00e9nieurs de <span style=\"color: #f166a1; font-weight: bold;\">Qualison<\/span>.<br \/>\nIl a pour but de d\u00e9celer votre niveau de perte d\u2019audition afin de vous proposer un appareil auditif adapt\u00e9 \u00e0 votre d\u00e9ficience.<br \/>\nN\u2019h\u00e9sitez pas \u00e0 en discuter avec un de nos experts au <span style=\"color: #f166a1; font-weight: bold;\">04 32 40 94 03<\/span>.<\/p>\n<p><span style=\"font-size: 12px;\">Ce test n\u2019a pas de valeur m\u00e9dicale, n\u2019h\u00e9sitez pas \u00e0 solliciter l\u2019avis d\u2019un professionnel afin d\u2019obtenir de plus amples informations.<\/span>\n\t\t<\/div> <!-- .et_pb_text -->\n\t\t<\/div> <!-- .et_pb_column -->\n\t\t<\/div> <!-- .et_pb_row -->\n\t\t\t\n\t\t<\/div> <!-- .et_pb_section --><div id=\"audition\" class=\"et_pb_section et_pb_section_parallax et_section_regular\" style='background-color:#ffffff;'>\n\t\t\t<div class=\"et_parallax_bg et_pb_parallax_css\" style=\"background-image: url(https:\/\/qualison.com\/wp-content\/uploads\/2015\/05\/decor-site-qualison-web1.jpg);\"><\/div>\n\t\t\t\n\t\t\t\t\n\t\t\t\t<div class=\"et_pb_row\">\n\t\t\t<div class=\"et_pb_column et_pb_column_4_4\">\n\t\t\t<div class=\"et_pb_text et_pb_bg_layout_light et_pb_text_align_left\">\n\t\t\t\n<h2 style=\"text-align: center; font-size: 50px; color: #ffffff; line-height: 10%; padding-bottom: 0px; margin-top: 0px;\">L&rsquo;audition<\/h2>\n\n\t\t<\/div> <!-- .et_pb_text -->\n\t\t<\/div> <!-- .et_pb_column -->\n\t\t<\/div> <!-- .et_pb_row -->\n\t\t\t\n\t\t<\/div> <!-- .et_pb_section --><div class=\"et_pb_section et_section_regular\">\n\t\t\t\n\t\t\t\n\t\t\t\t\n\t\t\t\t<div class=\"et_pb_row\">\n\t\t\t<div class=\"et_pb_column et_pb_column_4_4\">\n\t\t\t<div class=\"et_pb_text et_pb_bg_layout_light et_pb_text_align_left justifie\">\n\t\t\tL&rsquo;ensemble des textes de la rubrique \u00ab\u00a0L&rsquo;audition\u00a0\u00bb ont \u00e9t\u00e9 r\u00e9dig\u00e9s en collaboration avec un m\u00e9decin ORL Fran\u00e7ais \u00e0 but informatif. Ces textes sont la propri\u00e9t\u00e9 int\u00e9grale de <span style=\"color: #f166a1; font-weight: bold;\">Qualison<\/span> et ne peuvent \u00eatre utilis\u00e9s sans \u00eatre cit\u00e9s. Pour toute question concernant la rubrique \u00ab\u00a0L&rsquo;audition\u00a0\u00bb, contactez-nous par t\u00e9l\u00e9phone ou par email.\n\t\t<\/div> <!-- .et_pb_text -->\n\t\t<\/div> <!-- .et_pb_column -->\n\t\t<\/div> <!-- .et_pb_row --><div class=\"et_pb_row\">\n\t\t\t<div class=\"et_pb_column et_pb_column_1_3\">\n\t\t\t<div class=\"et_pb_widget_area et_pb_widget_area_left clearfix et_pb_bg_layout_light\">\n\t\t\t<div id=\"nav_menu-3\" class=\"et_pb_widget widget_nav_menu\"><h4 class=\"widgettitle\">L&rsquo;audition &#8211; Sommaire<\/h4><div class=\"menu-menu-audition-container\"><ul id=\"menu-menu-audition\" class=\"menu\"><li id=\"menu-item-751\" class=\"menu-item menu-item-type-custom menu-item-object-custom menu-item-has-children menu-item-751\"><a href=\"#importance_audition\">I &#8211; L&rsquo;importance de l&rsquo;audition<\/a>\n<ul class=\"sub-menu\">\n\t<li id=\"menu-item-753\" class=\"menu-item menu-item-type-custom menu-item-object-custom menu-item-has-children menu-item-753\"><a href=\"#oreille\">1 &#8211; L&rsquo;oreille<\/a>\n\t<ul class=\"sub-menu\">\n\t\t<li id=\"menu-item-755\" class=\"menu-item menu-item-type-custom menu-item-object-custom menu-item-755\"><a href=\"#oreille_externe\">1.1 &#8211; L&rsquo;oreille externe<\/a><\/li>\n\t\t<li id=\"menu-item-756\" class=\"menu-item menu-item-type-custom menu-item-object-custom menu-item-756\"><a href=\"#oreille_moyenne\">1.2 &#8211; L&rsquo;oreille moyenne<\/a><\/li>\n\t\t<li id=\"menu-item-757\" class=\"menu-item menu-item-type-custom menu-item-object-custom menu-item-757\"><a href=\"#oreille_interne\">1.3 &#8211; L&rsquo;oreille interne<\/a><\/li>\n\t<\/ul>\n<\/li>\n\t<li id=\"menu-item-758\" class=\"menu-item menu-item-type-custom menu-item-object-custom menu-item-has-children menu-item-758\"><a href=\"#cerumen\">2 &#8211; C\u00e9rumen<\/a>\n\t<ul class=\"sub-menu\">\n\t\t<li id=\"menu-item-759\" class=\"menu-item menu-item-type-custom menu-item-object-custom menu-item-759\"><a href=\"#composition\">2.1 &#8211; Composition<\/a><\/li>\n\t\t<li id=\"menu-item-760\" class=\"menu-item menu-item-type-custom menu-item-object-custom menu-item-760\"><a href=\"#role\">2.2 &#8211; R\u00f4le<\/a><\/li>\n\t\t<li id=\"menu-item-761\" class=\"menu-item menu-item-type-custom menu-item-object-custom menu-item-761\"><a href=\"#secretion\">2.3 &#8211; S\u00e9cr\u00e9tion et \u00e9limination<\/a><\/li>\n\t<\/ul>\n<\/li>\n\t<li id=\"menu-item-762\" class=\"menu-item menu-item-type-custom menu-item-object-custom menu-item-has-children menu-item-762\"><a href=\"#nettoyage\">3 &#8211; Le nettoyage des oreilles<\/a>\n\t<ul class=\"sub-menu\">\n\t\t<li id=\"menu-item-763\" class=\"menu-item menu-item-type-custom menu-item-object-custom menu-item-763\"><a href=\"#bouchon\">3.1 &#8211; Bouchon de c\u00e9rumen<\/a><\/li>\n\t\t<li id=\"menu-item-764\" class=\"menu-item menu-item-type-custom menu-item-object-custom menu-item-764\"><a href=\"#formation\">3.2 &#8211; Formation<\/a><\/li>\n\t\t<li id=\"menu-item-765\" class=\"menu-item menu-item-type-custom menu-item-object-custom menu-item-765\"><a href=\"#traitement\">3.3 &#8211; Traitement<\/a><\/li>\n\t<\/ul>\n<\/li>\n\t<li id=\"menu-item-766\" class=\"menu-item menu-item-type-custom menu-item-object-custom menu-item-has-children menu-item-766\"><a href=\"#proteger_oreilles\">4 &#8211; Prot\u00e9ger ses oreilles<\/a>\n\t<ul class=\"sub-menu\">\n\t\t<li id=\"menu-item-768\" class=\"menu-item menu-item-type-custom menu-item-object-custom menu-item-768\"><a href=\"#travail\">4.1 &#8211; Au travail<\/a><\/li>\n\t\t<li id=\"menu-item-769\" class=\"menu-item menu-item-type-custom menu-item-object-custom menu-item-769\"><a href=\"#vie\">4.2 &#8211; Dans la vie de tous les jours<\/a><\/li>\n\t\t<li id=\"menu-item-770\" class=\"menu-item menu-item-type-custom menu-item-object-custom menu-item-770\"><a href=\"#baladeurs\">4.3 &#8211; Les baladeurs<\/a><\/li>\n\t\t<li id=\"menu-item-771\" class=\"menu-item menu-item-type-custom menu-item-object-custom menu-item-771\"><a href=\"#concerts\">4.4 &#8211; Les concerts et les discoth\u00e8ques<\/a><\/li>\n\t\t<li id=\"menu-item-772\" class=\"menu-item menu-item-type-custom menu-item-object-custom menu-item-772\"><a href=\"#musiciens\">4.5 &#8211; Les musiciens<\/a><\/li>\n\t\t<li id=\"menu-item-773\" class=\"menu-item menu-item-type-custom menu-item-object-custom menu-item-773\"><a href=\"#cas\">4.6 &#8211; Dans tout les cas<\/a><\/li>\n\t<\/ul>\n<\/li>\n<\/ul>\n<\/li>\n<li id=\"menu-item-774\" class=\"menu-item menu-item-type-custom menu-item-object-custom menu-item-774\"><a href=\"#presbyacousie\">II &#8211; La pr\u00e9sbyacousie<\/a><\/li>\n<li id=\"menu-item-776\" class=\"menu-item menu-item-type-custom menu-item-object-custom menu-item-776\"><a href=\"#remboursement\">III &#8211; Remboursement des audioproth\u00e8ses<\/a><\/li>\n<\/ul><\/div><\/div> <!-- end .et_pb_widget -->\n\t\t<\/div> <!-- .et_pb_widget_area -->\n\t\t<\/div> <!-- .et_pb_column --><div class=\"et_pb_column et_pb_column_2_3\">\n\t\t\t<div class=\"et_pb_text et_pb_bg_layout_light et_pb_text_align_left justifie\">\n\t\t\t<strong><a class=\"importance_audition\" name=\"importance_audition\"><\/a><\/strong><\/p>\n<p><strong>I &#8211; L\u2019importance de l\u2019audition<\/strong><\/p>\n<p>L\u2019audition est l\u2019un de nos cinq sens.<\/p>\n<p>L\u2019oreille est en effet un organe sensoriel des plus pr\u00e9cieux pour l\u2019Homme et remplie deux fonctions principales&nbsp;: elle permet d\u2019entendre mais nous aide \u00e9galement \u00e0 maintenir notre \u00e9quilibre.<\/p>\n<p>Entendre nous semble si naturel qu\u2019il nous est difficile de prendre conscience de l\u2019importance de ce sens. Cependant une perte de la sensibilit\u00e9 auditive peut vite devenir un r\u00e9el handicap. C\u2019est pourquoi il devient alors primordial de prendre soin de ses oreilles.<\/p>\n<p>On compte aujourd\u2019hui en France plus de 6 millions de personnes concern\u00e9es par des troubles de l\u2019audition. Ce ph\u00e9nom\u00e8ne ne touche plus uniquement les seniors souffrant de principalement de presbyacousie mais arrive aussi chez les jeunes o\u00f9 l\u2019\u00e9coute prolong\u00e9e&nbsp; de musique &nbsp;\u00e0 un volume souvent trop \u00e9lev\u00e9&nbsp; cr\u00e9e des pertes d\u2019audition de plus en plus pr\u00e9coce.<\/p>\n<p><strong><a class=\"oreille\" name=\"oreille\"><\/a><\/strong><\/p>\n<p><strong>1 &#8211; L\u2019oreille<\/strong><\/p>\n<p><strong>L\u2019oreille, un organe fragile&nbsp;:<\/strong><br \/>\nContrairement \u00e0 la vue et \u00e0 l\u2019odorat qui compte plusieurs millions de cellules sensorielles, l\u2019oreille n\u2019en compte que 15000.<\/p>\n<p>De plus ces cellules sensorielles ne se renouvellent pas et disparaissent avec l\u2019\u00e2ge&nbsp;: c\u2019est la presbyacousie. La destruction des cellules et l\u2019apparition de troubles auditifs sont \u00e9galement favoris\u00e9s par des expositions au bruit prolong\u00e9es \u00e0 des niveaux sonores trop \u00e9lev\u00e9es.<\/p>\n<p>Le capital auditif de l\u2019oreille est donc \u00e0 pr\u00e9server rigoureusement&nbsp;!<\/p>\n<p><strong>L\u2019oreille, un organe complexe :<\/strong><\/p>\n<div id=\"attachment_1099\" style=\"width: 293px\" class=\"wp-caption alignright\"><img aria-describedby=\"caption-attachment-1099\" loading=\"lazy\" class=\"size-full wp-image-1099\" src=\"https:\/\/qualison.com\/wp-content\/uploads\/2015\/04\/oreille_trois_entites_complementaires.jpg\" alt=\"L'oreille : trois entit\u00e9s compl\u00e9mentaires\" height=\"254\" width=\"283\"><p id=\"caption-attachment-1099\" class=\"wp-caption-text\">L&rsquo;oreille : trois entit\u00e9s compl\u00e9mentaires<\/p><\/div>\n<p>L\u2019oreille est compos\u00e9e de 3 parties, l\u2019oreille externe, l\u2019oreille moyenne et l\u2019oreille interne. Chacune de ces parties joue un r\u00f4le distinct que l\u2019on peut sch\u00e9matiser comme suit&nbsp;:<\/p>\n<p><strong><a class=\"oreille_externe\" name=\"oreille_externe\"><\/a><\/strong><\/p>\n<p><strong>1.1 &#8211; L\u2019oreille externe CAPTE le son :<\/strong><\/p>\n<p>L\u2019oreille externe est la partie visible de votre oreille. Elle va donc du pavillon jusqu\u2019au tympan. C\u2019est d\u2019ailleurs le pavillon qui r\u00e9cup\u00e8re les ondes sonores et les acheminent jusqu\u2019au tympan par le conduit auditif.<\/p>\n<p><strong><a class=\"oreille_moyenne\" name=\"oreille_moyenne\"><\/a><\/strong><\/p>\n<p><strong>1.2 &#8211; L\u2019oreille moyenne TRANSMET le son :<\/strong><\/p>\n<p>Le tympan est une membrane. Ainsi les ondes sonores le mettent en mouvement. Ce mouvement met \u00e0 son tour en mouvement le marteau, l\u2019enclume et l\u2019\u00e9trier (les osselets). Cette contraction permet d\u2019amplifier ou de limiter la transmission.<\/p>\n<p><strong><a class=\"oreille_interne\" name=\"oreille_interne\"><\/a><\/strong><\/p>\n<p><strong>1.3 &#8211; L\u2019oreille interne CODE le signal :<\/strong><\/p>\n<p>Les vibrations sont cod\u00e9es en impulsions \u00e9lectriques gr\u00e2ce \u00e0 la cochl\u00e9e. La cochl\u00e9e transmet ensuite ces impulsions au cerveau.<\/p>\n<p><strong><a class=\"cerumen\" name=\"cerumen\"><\/a><\/strong><\/p>\n<p><strong>2 &#8211; C\u00e9rumen<\/strong><\/p>\n<p>C\u00e9rumen vient du latin \u00ab&nbsp;cera&nbsp;\u00bb qui veut dire cire. Il est s\u00e9cr\u00e9t\u00e9 par les glandes c\u00e9rumineuses situ\u00e9es dans la partie cartilagineuse de notre conduit auditif externe. C\u2019est-\u00e0-dire \u00e0 l\u2019entr\u00e9e de l\u2019oreille dans le tiers ext\u00e9rieur du conduit auditif.<\/p>\n<p><strong><a class=\"composition\" name=\"composition\"><\/a><\/strong><\/p>\n<p><strong>2.1 &#8211; Composition<\/strong><\/p>\n<p>Le c\u00e9rumen est compos\u00e9 d\u2019un m\u00e9lange d\u2019acide gras (lipides), d\u2019acide amin\u00e9s et de min\u00e9raux comme le cuivre ou le fer. Contrairement aux id\u00e9es re\u00e7ues, le c\u00e9rumen n\u2019est pas sale, c\u2019est m\u00eame la seule s\u00e9cr\u00e9tion st\u00e9rile du corps humain&nbsp;!<\/p>\n<p>La composition varie d\u2019un individu \u00e0 un autre mais aussi en fonction des origines ethniques ou des saisons. Les variations sont principalement dues \u00e0 la nature des corps gras.<\/p>\n<p><strong><a class=\"role\" name=\"role\"><\/a><\/strong><\/p>\n<p><strong>2.2 &#8211; R\u00f4le<\/strong><\/p>\n<p>Le c\u00e9rumen joue diff\u00e9rents r\u00f4les pour notre oreille. Son but principal est de lubrifier l\u2019oreille et ainsi prot\u00e9ger cette derni\u00e8re. De par sa nature visqueuse, le c\u00e9rumen permet de pi\u00e9ger les corps \u00e9tranger comme les squames (petites peaux mortes) et les poussi\u00e8res. Il agit \u00e9galement comme un antibact\u00e9rien et pr\u00e9vient naturellement le d\u00e9veloppement des otites externes.<\/p>\n<p>La lubrification par le c\u00e9rumen permet \u00e9galement une bonne transmission des sons.<\/p>\n<p><strong><a class=\"secretion\" name=\"secretion\"><\/a><\/strong><\/p>\n<p><strong>2.3 &#8211; S\u00e9cr\u00e9tion et \u00e9limination<\/strong><\/p>\n<p>La s\u00e9cr\u00e9tion du c\u00e9rumen dans le conduit auditif est autor\u00e9gul\u00e9e. En effet, l\u2019oreille ayant besoin de son r\u00f4le protecteur et lubrifiant, un minimum doit \u00eatre maintenu.<\/p>\n<p>Le c\u00e9rumen oxyd\u00e9 est refoul\u00e9 \u00e0 l\u2019entr\u00e9e du canal auditif par les m\u00e2choires lors de la mastication.<\/p>\n<p>Afin de garder une bonne hygi\u00e8ne des oreilles, il est conseill\u00e9 de ne les nettoyer qu\u2019une fois tous les huit jours au maximum.<\/p>\n<p><strong><a class=\"nettoyage\" name=\"nettoyage\"><\/a><\/strong><\/p>\n<p><strong>3 &#8211; Le nettoyage des oreilles<\/strong><\/p>\n<p>Afin de se nettoyer les oreilles efficacement, il convient de respecter quelques r\u00e8gles. Tout d\u2019abord il faut savoir que seul le c\u00e9rumen pr\u00e9sent \u00e0 l\u2019entr\u00e9e du conduit auditif est du \u00ab&nbsp;mauvais&nbsp;\u00bb c\u00e9rumen. Pas la peine d\u2019aller plus loin&nbsp;!<\/p>\n<p>Ensuite, l\u2019utilisation du coton-tige est \u00e0 bannir. En effet, le coton-tige entraine la formation de bouchon car il tasse le c\u00e9rumen au fond du canal auditif plus qu\u2019il ne le recueille.<\/p>\n<p>Ainsi, la meilleure arme contre le c\u00e9rumen est\u2026le doigt. Bien s\u00fbr si cela vous r\u00e9pugne, vous pouvez vous munir d\u2019un mouchoir.<\/p>\n<p><strong><a class=\"bouchon\" name=\"bouchon\"><\/a><\/strong><\/p>\n<p><strong>3.1 &#8211; Bouchon de c\u00e9rumen<\/strong><\/p>\n<p>Les bouchons de c\u00e9rumen sont dus \u00e0 une accumulation du c\u00e9rumen dans le conduit auditif. Les sympt\u00f4mes d\u2019un bouchon de c\u00e9rumen sont g\u00e9n\u00e9ralement une sensation d\u2019oreille bouch\u00e9e, des acouph\u00e8nes, des pertes auditives mais \u00e9galement des vertiges ou des pertes d\u2019\u00e9quilibre. En cas de bouchon de c\u00e9rumen, n\u2019h\u00e9sitez pas \u00e0 consulter un professionnel de sant\u00e9 car ils peuvent entrainer des infections.<\/p>\n<p><strong><a class=\"formation\" name=\"formation\"><\/a><\/strong><\/p>\n<p><strong>3.2 &#8211; Formation<\/strong><\/p>\n<p>Les bouchons de c\u00e9rumen peuvent apparaitre pour diff\u00e9rentes raisons&nbsp;:<\/p>\n<ul>\n<li>Utilisation du coton-tige&nbsp;: Contrairement \u00e0 ce que l\u2019on pense, le coton-tige a tendance \u00e0 tasser et compacter le c\u00e9rumen plut\u00f4t que de le r\u00e9colter.<\/li>\n<li>Nettoyage trop fr\u00e9quent&nbsp;: La production de c\u00e9rumen \u00e9tant autor\u00e9gul\u00e9e par l\u2019oreille, un nettoyage trop fr\u00e9quent aura tendance \u00e0 faire s\u00e9cr\u00e9ter les glandes c\u00e9rumineuse davantage. A terme, cela peut amener l\u2019oreille \u00e0 s\u00e9cr\u00e9ter trop de c\u00e9rumen et \u00e0 former un bouchon.<\/li>\n<li>Gonflement du c\u00e9rumen au contact de l\u2019eau&nbsp;: Lors d\u2019un s\u00e9jour prolong\u00e9 dans l\u2019eau le c\u00e9rumen pr\u00e9sent dans l\u2019oreille peut gonfler. Pensez \u00e0 vous s\u00e9cher l\u2019entr\u00e9e du conduit auditif.<\/li>\n<li>Le port de bouchon d\u2019oreille ou d\u2019aides auditives peut entrainer une mauvaise accumulation du c\u00e9rumen et ainsi entrainer la formation d\u2019un bouchon.<\/li>\n<\/ul>\n<p><strong><a class=\"traitement\" name=\"traitement\"><\/a><\/strong><\/p>\n<p><strong>3.3 &#8211; Traitement<\/strong><\/p>\n<p>Le traitement d\u2019un bouchon de c\u00e9rumen est tr\u00e8s simple. Nous vous recommandons cependant de ne pas le faire vous-m\u00eame. Consultez plut\u00f4t un ORL ou votre m\u00e9decin g\u00e9n\u00e9raliste. Bien que l\u2019ORL ait du mat\u00e9riel plus sophistiqu\u00e9, il s\u2019agit d\u2019humidifier le bouchon et de le d\u00e9sagr\u00e9ger ainsi. Ensuite le m\u00e9lange aqueux est refoul\u00e9 vers l\u2019ext\u00e9rieur ou peut \u00eatre aspir\u00e9 \u00e0 l\u2019aide d\u2019une poire ou d\u2019un mini-aspirateur. Vous ressentirez une nette am\u00e9lioration sur le champ et retrouverez de suite votre audition compl\u00e8te, sans acouph\u00e8ne ni vertige.<\/p>\n<p><strong><a class=\"proteger_oreilles\" name=\"proteger_oreilles\"><\/a><\/strong><\/p>\n<p><strong>4 &#8211; Prot\u00e9ger ses Oreilles<\/strong><\/p>\n<p>Aujourd\u2019hui, prot\u00e9ger ses oreilles est devenu primordiale. En effet, notre soci\u00e9t\u00e9 de plus en plus bruyante nous m\u00e8ne la vie dure et a parfois raison des 15000 cellules sensorielles qui composent notre oreille interne.<\/p>\n<p><strong>Le bruit peut provoquer des pertes auditives.<\/strong><\/p>\n<p>Deux types d\u2019expositions sont \u00e0 prendre en compte. D\u2019une part, les expositions longues \u00e0 des bruits d\u2019intensit\u00e9s de plus de 85dB. D\u2019autre part, les expositions courtes \u00e0 des bruits de 115dB et plus.<\/p>\n<p>Dans ces deux cas il existe un risque \u00e9lev\u00e9 d\u2019endommager les cellules cili\u00e9es. Ces cellules sont responsables de la transformation des ondes sonores en impulsions \u00e9lectriques. Ne se r\u00e9g\u00e9n\u00e9rant pas, tout dommage fait aux cellules cili\u00e9es est irr\u00e9versible.<\/p>\n<p>Dans certains cas, la perte auditive peut \u00e9galement s\u2019accompagner de distorsions. Les sons sont alors d\u00e9form\u00e9s et cela est bien plus p\u00e9nible qu\u2019une simple perte d\u2019audition.<\/p>\n<p><strong><a class=\"proteger\" name=\"proteger\"><\/a><\/strong><\/p>\n<p><strong>Se prot\u00e9ger<\/strong><\/p>\n<p>Vous aurez donc compris l\u2019enjeu de sant\u00e9 publique que repr\u00e9sente la protection de vos oreilles.<\/p>\n<p>Afin de pr\u00e9server votre capital auditif, il convient de r\u00e9duire situations a\u0300 risques \u00e0 la fois dans votre milieu professionnel et dans votre vie personnelle. Ce risque augmente avec l\u2019intensit\u00e9 du bruit mais aussi la dur\u00e9e d\u2019exposition. Si bien que l\u2019exposition prolong\u00e9e sur des ann\u00e9es \u00e0 des niveaux de bruit \u00e9lev\u00e9s peut conduire \u00e0 la surdit\u00e9. Notez le caract\u00e8re irr\u00e9versible de ce ph\u00e9nom\u00e8ne! En outre, le bruit peut avoir des cons\u00e9quences sur la sant\u00e9 comme la fatigue, le stress ou des troubles de l\u2019attention et ainsi mener \u00e0 des accidents. Ces cons\u00e9quences interviennent d\u00e9j\u00e0 avec une exposition \u00e0 un bruit plus faible.<\/p>\n<p><strong><a class=\"travail\" name=\"travail\"><\/a><\/strong><\/p>\n<p><strong>4.1 &#8211; Au travail<\/strong><\/p>\n<p>Le bruit g\u00eane environ 70% des actifs sur leur lieu de travail. M\u00eame si nous pensons tous \u00e0 l\u2019industrie dans un premier temps, les employ\u00e9s de bureau y sont \u00e9galement soumis.<\/p>\n<p>Il est \u00e0 la charge de l\u2019employeur de prendre des mesures de protection depuis 1963 avec la reconnaissance l\u00e9gale du bruit comme risque professionnel.<\/p>\n<p>Si vous pensez souffrir du bruit sur votre lieu de travail, il vous faut&nbsp;:<\/p>\n<ul>\n<li>Signaler votre g\u00eane \u00e0 votre employeur ou \u00e0 vos d\u00e9l\u00e9gu\u00e9s du personnel. Ces derniers devront alors mettre en place des mesures de pr\u00e9vention.<\/li>\n<li><strong>Parler \u00e0 votre m\u00e9decin du travail d\u00e8s l\u2019apparition des premiers sympt\u00f4mes.<\/strong> S\u2019il le juge n\u00e9cessaire, ce dernier vous fera passer un examen audiom\u00e9trique de sorte \u00e0 faire le point sur votre ou\u00efe.<\/li>\n<li><strong>Porter<\/strong> les \u00e9quipements de protection individuelle (bouchons, casque\u2026) mis \u00e0 votre disposition par votre employeur. Ces \u00e9quipements doivent \u00eatre port\u00e9s lors de l\u2019exposition \u00e0 un milieu bruyant de forte intensit\u00e9 ou durant une longue exposition \u00e0 des bruits moyens. Ces \u00e9quipements de protection individuelle peuvent r\u00e9duire le bruit de 25dB \u00e0 35dB selon leur type.<\/li>\n<\/ul>\n<p>Cependant, avant de faire porter des \u00e9quipements de protection individuelle \u00e0 chacun de ces employ\u00e9s, votre employeur devra diminuer l\u2019exposition collective. Ainsi il devra&nbsp;:<\/p>\n<ul>\n<li><strong>R\u00e9duire<\/strong> le bruit dans l\u2019espace de travail.<\/li>\n<li><strong>Diminuer<\/strong> la propagation de ce bruit.<\/li>\n<\/ul>\n<p><strong>L\u2019adoption d\u2019\u00e9quipement de protection individuelle est souvent la solution la plus&nbsp;co\u00fbteuse&nbsp;et la moins efficace&nbsp;au long terme car il ne s\u2019agit pas d\u2019am\u00e9liorer la situation mais plut\u00f4t de la masquer.<\/strong><br \/>\nToutes ces recommandations pratiques ne doivent pas constituer un obstacle, mais il s\u2019agit d\u2019un droit, il en va de votre sante\u0301 !<\/p>\n<p><strong><a class=\"vie\" name=\"vie\"><\/a><\/strong><\/p>\n<p><strong>4.2 &#8211; Dans la vie de tous les jours<\/strong><\/p>\n<p>Aujourd\u2019hui en France, plus de six millions de personnes souffrent de troubles de l\u2019audition. Beaucoup pensent encore que ces troubles sont uniquement dus \u00e0 l\u2019industrie ou \u00e0 la vieillesse. Cela met en \u00e9vidence le manque de pr\u00e9vention sur le sujet. Beaucoup de ces d\u00e9ficiences sont dues \u00e0 l\u2019utilisation d\u2019objets du quotidien ou \u00e0 des comportements \u00e0 risques. Pour de nombreux cas, le vieillissement et la g\u00e9n\u00e9tique ne viennent qu\u2019aggraver des troubles d\u00e9j\u00e0 existants.<\/p>\n<p>Pour pr\u00e9venir tous d\u00e9sagr\u00e9ments il est important de limiter l\u2019intensit\u00e9 et\/ou la dur\u00e9e d\u2019exposition. <\/p>\n<p>Dans notre quotidien, les sources sonores \u00e0 risque ne manquent pas. Vous trouverez ci-dessous plusieurs exemples.<\/p>\n<p><strong><a class=\"baladeurs\" name=\"baladeurs\"><\/a><\/strong><\/p>\n<p><strong>4.3 &#8211; Les baladeurs<\/strong><\/p>\n<p>Ces appareils sont soumis \u00e0 un volume maximal de 100dB. Or, d\u00e8s 85dB il existe un risque pour notre audition. Ainsi, notre appareil auditif peut se voir endommag\u00e9 apr\u00e8s seulement 2 heures d\u2019\u00e9coutes par semaine \u00e0 pleine puissance. Pensez donc \u00e0 r\u00e9duire le volume si vous \u00e9coutez votre baladeur plus longtemps.<\/p>\n<p><strong><a class=\"concerts\" name=\"concerts\"><\/a><\/strong><\/p>\n<p><strong>4.4 &#8211; Les concerts et discoth\u00e8ques<\/strong><\/p>\n<p>Dans le milieu de la nuit, l\u2019intensit\u00e9 sonore peut d\u00e9passer les 130dB&nbsp;! Une surexposition \u00e0 de telles intensit\u00e9s sonores peut repr\u00e9senter un r\u00e9el traumatisme pour vos oreilles. Il faut savoir que la fatigue et la consommation d\u2019alcool ou de m\u00e9dicament fragilise les oreilles. Il est conseill\u00e9 de ne pas rester \u00e0 proximit\u00e9 des enceintes et de faire des pauses fr\u00e9quentes dans des endroits moins bruyants. Il est \u00e9galement possible de porter des bouchons d\u2019oreille afin de limiter les risques. Enfin, en cas d\u2019apparition de sifflements ou de bourdonnements, n\u2019h\u00e9sitez pas \u00e0 quitter les lieux. Il en va de votre sant\u00e9&nbsp;!<\/p>\n<p><strong><a class=\"musiciens\" name=\"musiciens\"><\/a><\/strong><\/p>\n<p><strong>4.5 &#8211; Les musiciens<\/strong><\/p>\n<p>Les musiciens sont soumis au bruit de fa\u00e7on r\u00e9guli\u00e8re. Il faut donc s\u2019assurer que les niveaux sonores d\u2019exposition ne soient pas trop \u00e9lev\u00e9s. Si c\u2019est le cas, le port de protection doit \u00eatre mis en place. C\u2019est d\u2019ailleurs le cas de nombreux batteurs qui r\u00e9p\u00e8te avec un casque. La r\u00e9verb\u00e9ration sonore du local de r\u00e9p\u00e9tition est aussi un atout. En d\u00e9finitive, r\u00e9duire le niveau sonore aussi bien collectif qu\u2019individuel est une solution efficace.<\/p>\n<p><strong><a class=\"cas\" name=\"cas\"><\/a><\/strong><\/p>\n<p><strong>4.6 &#8211; Dans tous les cas<\/strong><\/p>\n<p>Lors d\u2019exposition \u00e0 un niveau sonore \u00e9lev\u00e9 il faut faire des pauses de 10 minutes toutes les 45 minutes ou de 30 minutes toutes les 2 heures.<\/p>\n<p>A la suite d\u2019une forte exposition, si vous ressentez des sifflements ou des bourdonnements, alors consultez un ORL ou rendez-vous aux urgences. Dans le cas d\u2019\u00e9ventuelles l\u00e9sions, sachez que celles-ci peuvent devenir irr\u00e9versibles au-del\u00e0 de 48 heures.<\/p>\n<p>Le risque auditif est cumulatif&nbsp;! Tenez compte de toutes les expositions auxquelles vous \u00eates soumis. Aussi bien dans votre vie professionnelle que personnelle.<\/p>\n<p>Si vous \u00eates soumis \u00e0 votre insu \u00e0 un bruit trop \u00e9lev\u00e9, servez-vous de vos doigts propres en les ins\u00e9rant dans votre canal auditif. Ceci constitue une bonne protection d\u2019urgence.<\/p>\n<p><strong><a class=\"presbyacousie\" name=\"presbyacousie\"><\/a><\/strong><\/p>\n<p><strong>II &#8211; La Presbyacousie<\/strong><\/p>\n<p><strong>D\u00e9finition&nbsp;: Qu\u2019est-ce que la presbyacousie&nbsp;?<\/strong><br \/>\nIl s\u2019agit d\u2019une diminution du capital auditif, qualitatif et quantitatif, li\u00e9e \u00e0 l&rsquo;\u00e2ge. G\u00e9n\u00e9ralement bilat\u00e9rale et sym\u00e9trique, elle intervient surtout dans les fr\u00e9quences \u00e9lev\u00e9es (4\u00e0 8 kHz)&nbsp;lesquels permettent une bonne perception des mots.<\/p>\n<p>Les hommes sont plus souvent atteints de presbyacousie. Elle touche les individus de mani\u00e8re variable et in\u00e9gale et se manifeste plus fortement apr\u00e8s 60 ans, mais commence d\u00e9j\u00e0 insidieusement apr\u00e8s 45 ans. C\u2019est pourquoi il est bon de s\u2019en inqui\u00e9ter aux environs de la cinquantaine.<\/p>\n<p><strong>Pourquoi la presbyacousie nuit-elle \u00e0 l\u2019\u00e9coute&nbsp;?<\/strong><br \/>\nLa presbyacousie induit la perte des hautes fr\u00e9quences permettant d\u2019entendre les voix. Ainsi il est difficile de distinguer les voix dans un milieu bruyant (basses fr\u00e9quences).<\/p>\n<p>Les personnes atteintes de presbyacousie ne sont pas \u00ab&nbsp;sourde&nbsp;\u00bb et entendent la plupart des sons environnant car elles per\u00e7oivent une proportion importante de l\u2019\u00e9nergie de la parole. En effet, 80% de cette \u00e9nergie se trouve dans les fr\u00e9quences graves.<\/p>\n<p>Cependant, la compr\u00e9hension de la parole se base \u00e0 60% sur les 5% d\u2019\u00e9nergie se trouvant dans les fr\u00e9quences aigues.<\/p>\n<p><strong><a class=\"pourquoi\" name=\"pourquoi\"><\/a><\/strong><\/p>\n<p><strong>Pourquoi s\u2019appareiller<\/strong><\/p>\n<p>La presbyacousie nuit \u00e0 la compr\u00e9hension des conversations du fait de la perte progressive des hautes fr\u00e9quences. Ce ph\u00e9nom\u00e8ne est amplifi\u00e9 lorsque les conversations ont lieu dans un environnement bruyant ou r\u00e9verb\u00e9r\u00e9 (cin\u00e9ma, th\u00e9\u00e2tre\u2026). Le bruit et la r\u00e9verb\u00e9ration \u00e9mettent des fr\u00e9quences graves qui viennent masquer les fr\u00e9quences aigu\u00ebs permettant la perception des voix. Ainsi, les chuchotements, les&nbsp;consonnes sifflantes&nbsp;(S, Z,&nbsp;CH) ou&nbsp;fricatives&nbsp;(F ou V), ainsi que les&nbsp;voix f\u00e9minines ou enfantines sont de moins en en moins perceptibles. Pour suivre une conversation, un presbyacousique aura alors tendance \u00e0 lire sur les l\u00e8vres ou \u00e0 faire r\u00e9p\u00e9ter ses interlocuteurs.<\/p>\n<p>Dans un second temps, avec l\u2019aggravation progressive de la maladie, les personnes atteintes vont s\u2019isoler peu \u00e0 peu pensant que les interlocuteurs ne parlent pas assez fort, trop vite ou sans articuler. Cette r\u00e9action leur permet de ne pas \u00eatre confront\u00e9es \u00e0 la maladie.<\/p>\n<p>Des sympt\u00f4mes d\u00e9pressifs et de d\u00e9socialisation&nbsp;peuvent alors survenir et nuire consid\u00e9rablement \u00e0 la qualit\u00e9 de vie. La presbyacousie a \u00e9galement un impact socio-\u00e9conomique tr\u00e8s important en entra\u00eenant des baisses de performances professionnelles et en compliquant les relations sociales.<\/p>\n<p><strong><a class=\"remboursement\" name=\"remboursement\"><\/a><\/strong><\/p>\n<p><strong>III &#8211; Remboursement des proth\u00e8ses auditives par la S\u00e9curit\u00e9 Sociale<br \/>\n<\/strong><\/p>\n<p>A l\u2019heure actuelle, la base de remboursement de la S\u00e9curit\u00e9 Sociale pour les proth\u00e8ses auditives s\u2019\u00e9l\u00e8ve 199,71\u20ac. La S\u00e9curit\u00e9 Sociale prend en charge seulement 60% de cette base de remboursement, soit 119,83\u20ac. Ce montant est tout \u00e0 fait d\u00e9risoire par rapport au prix de vente des proth\u00e8ses auditives.<\/p>\n<p>En effet, d\u2019apr\u00e8s le site de l\u2019Assurance Maladie, il existe 4 cat\u00e9gories de&nbsp;proth\u00e8ses auditives et chacune d\u2019elles a un prix de responsabilit\u00e9.<\/p>\n<p>Le tableau ci-dessous pr\u00e9sente les 4 cat\u00e9gories et leur prix de responsabilit\u00e9 ainsi que le reste \u00e0 charge apr\u00e8s remboursement de la S\u00e9curit\u00e9 Sociale.<\/p>\n<p style=\"text-align: center;\">\n<table id=\"tablepress-2\" class=\"tablepress tablepress-id-2\">\n<thead>\n<tr class=\"row-1 odd\">\n\t<th class=\"column-1\">&nbsp;<\/th><th class=\"column-2\">Cat\u00e9gorie<\/th><th class=\"column-3\">Tarif en vigueur<\/th><th class=\"column-4\">Base de remboursement<\/th><th class=\"column-5\">Remboursement<\/th><th class=\"column-6\">Montant Remboursement<\/th><th class=\"column-7\">Reste<\/th>\n<\/tr>\n<\/thead>\n<tbody>\n<tr class=\"row-2 even\">\n\t<td rowspan=\"4\" class=\"column-1\"><b>Appareil<\/b><\/td><td class=\"column-2\">A<\/td><td class=\"column-3\">900.00\u20ac<\/td><td rowspan=\"4\" class=\"column-4\">199.71\u20ac<\/td><td rowspan=\"4\" class=\"column-5\">60%<\/td><td rowspan=\"4\" class=\"column-6\">119.83\u20ac<\/td><td class=\"column-7\">780.17\u20ac<\/td>\n<\/tr>\n<tr class=\"row-3 odd\">\n\t<td class=\"column-2\">B<\/td><td class=\"column-3\">1000.00\u20ac<\/td><td class=\"column-7\">880.17\u20ac<\/td>\n<\/tr>\n<tr class=\"row-4 even\">\n\t<td class=\"column-2\">C<\/td><td class=\"column-3\">1250.00\u20ac<\/td><td class=\"column-7\">1130.17\u20ac<\/td>\n<\/tr>\n<tr class=\"row-5 odd\">\n\t<td class=\"column-2\">D<\/td><td class=\"column-3\">1400.00\u20ac<\/td><td class=\"column-7\">1280.17\u20ac<\/td>\n<\/tr>\n<\/tbody>\n<\/table>\n<span class=\"tablepress-table-description tablepress-table-description-id-2\">Remboursement des proth\u00e8ses auditives par la S\u00e9curit\u00e9 Sociale.<\/span>\n<!-- #tablepress-2 from cache -->\n<\/p>\n<p>Au remboursement de la S\u00e9curit\u00e9 Sociale s\u2019ajoute celui de la mutuelle compl\u00e9mentaire du patient. Or on s\u2019aper\u00e7oit rapidement que m\u00eame si le remboursement peut-\u00eatre plus cons\u00e9quent&nbsp;:<\/p>\n<ul>\n<li>Il ne l\u2019est pas dans tous les cas.<\/li>\n<li>Il reste faible par rapport au montant d\u2019une proth\u00e8se auditive.<\/li>\n<\/ul>\n<p><strong>Reste \u00e0 charge pour le patient par appareil<\/strong><\/p>\n<p>Le prix des proth\u00e8ses auditives en France se situe dans la moyenne par rapport \u00e0 ses voisins europ\u00e9ens car le prix moyen d\u2019un proth\u00e8se auditive y est de 1535\u20ac.<\/p>\n<p>Le d\u00e9faut d\u2019appareillage vient, comme nous l\u2019avons vu, du mauvais remboursement des appareils et des prestations associ\u00e9es. Effectivement, le remboursement de la S\u00e9curit\u00e9 sociale n\u2019est que de 119,83\u20ac et le remboursement moyen des mutuelles est de 350\u20ac.<\/p>\n<p style=\"text-align: center;\">\n<table id=\"tablepress-3\" class=\"tablepress tablepress-id-3\">\n<tbody class=\"row-hover\">\n<tr class=\"row-1 odd\">\n\t<td class=\"column-1\"><b>Prix moyen d'une proth\u00e8se auditive<\/b><\/td><td class=\"column-2\">1535 \u20ac<\/td>\n<\/tr>\n<tr class=\"row-2 even\">\n\t<td class=\"column-1\"><b>Montant remboursement<\/b><\/td><td class=\"column-2\">119,83 \u20ac<\/td>\n<\/tr>\n<tr class=\"row-3 odd\">\n\t<td class=\"column-1\"><b>Remboursement moyen des mutuelles<\/b><\/td><td class=\"column-2\">350 \u20ac<\/td>\n<\/tr>\n<tr class=\"row-4 even\">\n\t<td class=\"column-1\"><b>Reste \u00e0 charge pour le patient par appareil<\/b><\/td><td class=\"column-2\">1065,17 \u20ac<\/td>\n<\/tr>\n<\/tbody>\n<\/table>\n<span class=\"tablepress-table-description tablepress-table-description-id-3\">Reste \u00e0 charge pour le patient par appareil<\/span>\n<!-- #tablepress-3 from cache -->\n<\/p>\n<p>Ainsi, le reste \u00e0 charge par patient et par appareil est de l\u2019ordre de <strong>1065\u20ac.<\/strong><\/p>\n<p><strong>Alternatives aux proth\u00e8ses auditives pour des troubles l\u00e9gers \u00e0 moyens.<\/strong><\/p>\n<p>Vous trouverez sur le march\u00e9 deux types d\u2019alternatives aux audioproth\u00e8ses&nbsp;:<\/p>\n<ul>\n<li>L\u2019amplificateur de son&nbsp;: vendu par correspondance ou au porte \u00e0 porte contre une somme de 20 \u00e0 80\u20ac, il est g\u00e9n\u00e9ralement de qualit\u00e9 m\u00e9diocre car bas\u00e9 sur une technologie obsol\u00e8te aujourd\u2019hui d\u00e9pass\u00e9e. De plus, il peut s\u2019av\u00e9rer dangereux car sa qualit\u00e9 est peu contr\u00f4l\u00e9e.<\/li>\n<li>L\u2019appareil auditif : vendu en ligne ou en parapharmacie, il coute de <strong>249\u20ac \u00e0 498\u20ac<\/strong>. Il s\u2019agit l\u00e0 d\u2019un produits abouti dont les composants n\u2019ont rien \u00e0 envier aux audioproth\u00e8ses puisqu\u2019ils sont issus des m\u00eame fournisseurs. En effet, la diff\u00e9rence majeure provient du fait qu\u2019ils sont pr\u00e9r\u00e9gl\u00e9s et non sur mesure, offrant ainsi un excellent premier appareillage.<\/li>\n<\/ul>\n\n\t\t<\/div> <!-- .et_pb_text -->\n\t\t<\/div> <!-- .et_pb_column -->\n\t\t<\/div> <!-- .et_pb_row -->\n\t\t\t\n\t\t<\/div> <!-- .et_pb_section --><\/p>\n","protected":false},"excerpt":{"rendered":"","protected":false},"author":3,"featured_media":0,"parent":0,"menu_order":0,"comment_status":"open","ping_status":"open","template":"","meta":[],"_links":{"self":[{"href":"https:\/\/qualison.com\/index.php?rest_route=\/wp\/v2\/pages\/124"}],"collection":[{"href":"https:\/\/qualison.com\/index.php?rest_route=\/wp\/v2\/pages"}],"about":[{"href":"https:\/\/qualison.com\/index.php?rest_route=\/wp\/v2\/types\/page"}],"author":[{"embeddable":true,"href":"https:\/\/qualison.com\/index.php?rest_route=\/wp\/v2\/users\/3"}],"replies":[{"embeddable":true,"href":"https:\/\/qualison.com\/index.php?rest_route=%2Fwp%2Fv2%2Fcomments&post=124"}],"version-history":[{"count":165,"href":"https:\/\/qualison.com\/index.php?rest_route=\/wp\/v2\/pages\/124\/revisions"}],"predecessor-version":[{"id":2708,"href":"https:\/\/qualison.com\/index.php?rest_route=\/wp\/v2\/pages\/124\/revisions\/2708"}],"wp:attachment":[{"href":"https:\/\/qualison.com\/index.php?rest_route=%2Fwp%2Fv2%2Fmedia&parent=124"}],"curies":[{"name":"wp","href":"https:\/\/api.w.org\/{rel}","templated":true}]}}